{"id":61,"date":"2012-01-02T19:09:20","date_gmt":"2012-01-02T19:09:20","guid":{"rendered":"http:\/\/www.leperrierveloclub.com\/?page_id=61"},"modified":"2025-11-23T19:07:32","modified_gmt":"2025-11-23T18:07:32","slug":"les-licencies","status":"publish","type":"page","link":"http:\/\/www.leperrierveloclub.com\/index.php\/le-club\/les-licencies","title":{"rendered":"Les licenci\u00e9s"},"content":{"rendered":"\n<h2>La liste des licenci\u00e9s du club 2024\/2025 :<\/h2>\n<h3>Licenci\u00e9s UFOLEP<\/h3>\n<table class=\"les-licencies\" border=\"0\" summary=\"\" width=\"100%\" cellspacing=\"0\" cellpadding=\"0\">\n<thead>\n<tr>\n<th width=\"33%\">Photo<\/th>\n<th width=\"33%\">NOM Pr\u00e9nom<\/th>\n<th>Cat\u00e9gorie<\/th>\n<\/tr>\n<\/thead>\n<tbody>\n<tr>\n<td> <\/td>\n<td>BEDU Serge<\/td>\n<td>4e Cat\u00e9gorie<\/td>\n<\/tr>\n<tr>\n<td> <\/td>\n<td>BENOIST Daniel<\/td>\n<td>Cat\u00e9gorie GS<\/td>\n<\/tr>\n<tr>\n<td><a class=\"shutterset_\" title=\"BODARD Claude\" href=\"http:\/\/www.leperrierveloclub.com\/wp-content\/gallery\/les-licencies\/claude-bodard.jpg\"><img loading=\"lazy\" decoding=\"async\" class=\"ngg-singlepic ngg-center alignnone\" src=\"http:\/\/www.leperrierveloclub.com\/wp-content\/gallery\/les-licencies\/thumbs\/thumbs_claude-bodard.jpg\" alt=\"BODARD Claude\" width=\"100\" height=\"75\"><\/a><\/td>\n<td>BODARD Claude<\/td>\n<td>3e Cat\u00e9gorie<\/td>\n<\/tr>\n<tr>\n<td>&nbsp;<\/td>\n<td>BURDINO Bernard<\/td>\n<td>3e Cat\u00e9gorie<\/td>\n<\/tr>\n<tr>\n<td>&nbsp;<\/td>\n<td>CHARLAND Patrick<\/td>\n<td>4e Cat\u00e9gorie<\/td>\n<\/tr>\n<tr>\n<td><a class=\"shutterset_\" title=\"CODEVELLE G\u00e9rard\" href=\"http:\/\/www.leperrierveloclub.com\/wp-content\/gallery\/les-licencies\/gerard-codevelle.jpg\"><img decoding=\"async\" class=\"ngg-singlepic ngg-center\" src=\"http:\/\/www.leperrierveloclub.com\/wp-content\/gallery\/les-licencies\/thumbs\/thumbs_gerard-codevelle.jpg\" alt=\"CODEVELLE G\u00e9rard\"><\/a><\/td>\n<td>CODEVELLE G\u00e9rard<\/td>\n<td>4e Cat\u00e9gorie<\/td>\n<\/tr>\n<tr>\n<td><a class=\"shutterset_\" title=\"DANIEAU Xavier\" href=\"http:\/\/www.leperrierveloclub.com\/wp-content\/gallery\/les-licencies\/xavier-danieau.jpg\"><img decoding=\"async\" class=\"ngg-singlepic ngg-center\" src=\"http:\/\/www.leperrierveloclub.com\/wp-content\/gallery\/les-licencies\/thumbs\/thumbs_xavier-danieau.jpg\" alt=\"DANIEAU Xavier\"><\/a><\/td>\n<td>DANIEAU Xavier<\/td>\n<td>4e Cat\u00e9gorie<\/td>\n<\/tr>\n<tr>\n<td><a class=\"shutterset_\" title=\"DUPONT Claude\" href=\"http:\/\/www.leperrierveloclub.com\/wp-content\/gallery\/les-licencies\/claude-dupont.jpg\"><img decoding=\"async\" class=\"ngg-singlepic ngg-center\" src=\"http:\/\/www.leperrierveloclub.com\/wp-content\/gallery\/les-licencies\/thumbs\/thumbs_claude-dupont.jpg\" alt=\"DUPONT Claude\"><\/a><\/td>\n<td>DUPONT Claude<\/td>\n<td>4e Cat\u00e9gorie<\/td>\n<\/tr>\n<tr>\n<td>&nbsp;<\/td>\n<td>MICHENEAU J\u00e9r\u00e9mie<\/td>\n<td>&nbsp;<\/td>\n<\/tr>\n<tr>\n<td> <\/td>\n<td>RINGUET Arnault<\/td>\n<td>3e Cat\u00e9gorie<\/td>\n<\/tr>\n<tr>\n<td><a class=\"shutterset_\" title=\"STRINGARA Bruno\" href=\"http:\/\/www.leperrierveloclub.com\/wp-content\/gallery\/les-licencies\/bruno-stringara.jpg\"><img decoding=\"async\" class=\"ngg-singlepic ngg-center\" src=\"http:\/\/www.leperrierveloclub.com\/wp-content\/gallery\/les-licencies\/thumbs\/thumbs_bruno-stringara.jpg\" alt=\"STRINGARA Bruno\"><\/a><\/td>\n<td>STRINGARA Bruno<\/td>\n<td>3e Cat\u00e9gorie<\/td>\n<\/tr>\n<tr>\n<td>&nbsp;<\/td>\n<td>THIBAULT Corinne<\/td>\n<td>4e Cat\u00e9gorie<\/td>\n<\/tr>\n<tr>\n<td>&nbsp;<\/td>\n<td>THIBAULT Patrick<\/td>\n<td>4e Cat\u00e9gorie<\/td>\n<\/tr>\n<\/tbody>\n<\/table>\n<br \/>\n<h3>Cyclo<\/h3>\n<table class=\"les-licencies\" border=\"0\" summary=\"\" width=\"100%\" cellspacing=\"0\" cellpadding=\"0\">\n<thead>\n<tr>\n<th width=\"33%\">Photo<\/th>\n<th width=\"33%\">NOM Pr\u00e9nom<\/th>\n<th>Cat\u00e9gorie<\/th>\n<\/tr>\n<\/thead>\n<tbody>\n<tr>\n<td><a class=\"shutterset_\" title=\"BERTHOME Patrick\" href=\"http:\/\/www.leperrierveloclub.com\/wp-content\/gallery\/les-licencies\/patrick-berthome.jpg\"><img decoding=\"async\" class=\"ngg-singlepic ngg-center\" src=\"http:\/\/www.leperrierveloclub.com\/wp-content\/gallery\/les-licencies\/thumbs\/thumbs_patrick-berthome.jpg\" alt=\"BERTHOME Patrick\"><\/a><\/td>\n<td>BERTHOME Patrick<\/td>\n<td>Cyclo<\/td>\n<\/tr>\n<tr>\n<td> <\/td>\n<td>COUDRAIS Guy<\/td>\n<td>Cyclo<\/td>\n<\/tr>\n<tr>\n<td><a class=\"shutterset_\" title=\"JOUBERT Jean Fran\u00e7ois\" href=\"http:\/\/www.leperrierveloclub.com\/wp-content\/gallery\/les-licencies\/jean-francois-joubert.jpg\"><img decoding=\"async\" class=\"ngg-singlepic ngg-center\" src=\"http:\/\/www.leperrierveloclub.com\/wp-content\/gallery\/les-licencies\/thumbs\/thumbs_jean-francois-joubert.jpg\" alt=\"JOUBERT Jean Fran\u00e7ois\"><\/a><\/td>\n<td>JOUBERT Jean Fran\u00e7ois<\/td>\n<td>Cyclo<\/td>\n<\/tr>\n<tr>\n<td><a class=\"shutterset_\" title=\"MAGRANGEAS Claude\" href=\"http:\/\/www.leperrierveloclub.com\/wp-content\/gallery\/les-licencies\/claude-magrangeas.jpg\"><img decoding=\"async\" class=\"ngg-singlepic ngg-center\" src=\"http:\/\/www.leperrierveloclub.com\/wp-content\/gallery\/les-licencies\/thumbs\/thumbs_claude-magrangeas.jpg\" alt=\"MAGRANGEAS Claude\"><\/a><\/td>\n<td>MAGRANGEAS Claude<\/td>\n<td>Cyclo<\/td>\n<\/tr>\n<tr>\n<td>&nbsp;<\/td>\n<td>MILCENT Cl\u00e9ment<\/td>\n<td>Cyclo<\/td>\n<\/tr>\n<tr>\n<td><a class=\"shutterset_\" title=\"MOLLET Pierre\" href=\"http:\/\/www.leperrierveloclub.com\/wp-content\/gallery\/les-licencies\/pierre-mollet.jpg\"><img decoding=\"async\" class=\"ngg-singlepic ngg-center\" src=\"http:\/\/www.leperrierveloclub.com\/wp-content\/gallery\/les-licencies\/thumbs\/thumbs_pierre-mollet.jpg\" alt=\"MOLLET Pierre\"><\/a><\/td>\n<td>MOLLET Pierre<\/td>\n<td>Cyclo<\/td>\n<\/tr>\n<tr>\n<td><a class=\"shutterset_\" title=\"MOLLET Annie\" href=\"http:\/\/www.leperrierveloclub.com\/wp-content\/gallery\/les-licencies\/annie-mollet.jpg\"><img decoding=\"async\" class=\"ngg-singlepic ngg-center\" src=\"http:\/\/www.leperrierveloclub.com\/wp-content\/gallery\/les-licencies\/thumbs\/thumbs_annie-mollet.jpg\" alt=\"MOLLET Annie\"><\/a><\/td>\n<td>MOLLET Annie<\/td>\n<td>Cyclo<\/td>\n<\/tr>\n<tr>\n<td>&nbsp;<\/td>\n<td>PIVETEAU Thomas<\/td>\n<td>Cyclo<\/td>\n<\/tr>\n<tr>\n<td>&nbsp;<\/td>\n<td>PIVETEAU Jean Charles<\/td>\n<td>Cyclo<\/td>\n<\/tr>\n<tr>\n<td>&nbsp;<\/td>\n<td>RABALLAND Andr\u00e9<\/td>\n<td>Cyclo<\/td>\n<\/tr>\n<tr>\n<td>&nbsp;<\/td>\n<td>RICHARD Christian<\/td>\n<td>Cyclo<\/td>\n<\/tr>\n<tr>\n<td>&nbsp;<\/td>\n<td>ZANINI Mario<\/td>\n<td>Cyclo<\/td>\n<\/tr>\n<\/tbody>\n<\/table>\n<br \/>\n<h3>Membre<\/h3>\n<table class=\"les-licencies\" border=\"0\" summary=\"\" width=\"100%\" cellspacing=\"0\" cellpadding=\"0\">\n<thead>\n<tr>\n<th width=\"33%\">Photo<\/th>\n<th width=\"33%\">NOM Pr\u00e9nom<\/th>\n<th>Cat\u00e9gorie<\/th>\n<\/tr>\n<\/thead>\n<tbody>\n<tr>\n<td>&nbsp;<\/td>\n<td>AVERTY Marc<\/td>\n<td>Membre<\/td>\n<\/tr>\n<tr>\n<td>&nbsp;<\/td>\n<td>BAUD Huguette<\/td>\n<td>Membre<\/td>\n<\/tr>\n<tr>\n<td>&nbsp;<\/td>\n<td>BERNARD dany<\/td>\n<td>Membre<\/td>\n<\/tr>\n<tr>\n<td>&nbsp;<\/td>\n<td>BESSEAU Jo\u00ebl<\/td>\n<td>Membre<\/td>\n<\/tr>\n<tr>\n<td>&nbsp;<\/td>\n<td>BESSEAU Thierry<\/td>\n<td>Membre<\/td>\n<\/tr>\n<tr>\n<td><a class=\"shutterset_\" title=\"BODARD Nawen\" href=\"http:\/\/www.leperrierveloclub.com\/wp-content\/gallery\/les-licencies\/nawen-bodard.jpg\"><img decoding=\"async\" class=\"ngg-singlepic ngg-center\" src=\"http:\/\/www.leperrierveloclub.com\/wp-content\/gallery\/les-licencies\/thumbs\/thumbs_nawen-bodard.jpg\" alt=\"BODARD Nawen\"><\/a><\/td>\n<td>BODARD Nawen<\/td>\n<td>Membre<\/td>\n<\/tr>\n<tr>\n<td>&nbsp;<\/td>\n<td>COUTON Pascal<\/td>\n<td>Membre<\/td>\n<\/tr>\n<tr>\n<td>&nbsp;<\/td>\n<td>MORNET Michel<\/td>\n<td>Membre<\/td>\n<\/tr>\n<tr>\n<td>&nbsp;<\/td>\n<td>MOULIN Jo\u00ebl<\/td>\n<td>Membre<\/td>\n<\/tr>\n<tr>\n<td>&nbsp;<\/td>\n<td>JOUBERT Roger<\/td>\n<td>Membre<\/td>\n<\/tr>\n<tr>\n<td>&nbsp;<\/td>\n<td>MARTINEAU Christian<\/td>\n<td>Membre<\/td>\n<\/tr>\n<tr>\n<td>&nbsp;<\/td>\n<td>PIEPLAT Michel<\/td>\n<td>Membre<\/td>\n<\/tr>\n<tr>\n<td>&nbsp;<\/td>\n<td>RAMBEAU Claude<\/td>\n<td>Membre<\/td>\n<\/tr>\n<\/tbody><\/table>\n","protected":false},"excerpt":{"rendered":"<p>La liste des licenci\u00e9s du club 2024\/2025 : Licenci\u00e9s UFOLEP Photo NOM Pr\u00e9nom Cat\u00e9gorie BEDU Serge 4e Cat\u00e9gorie BENOIST Daniel Cat\u00e9gorie GS BODARD Claude 3e Cat\u00e9gorie &nbsp; BURDINO Bernard 3e &#8230;<\/p>\n","protected":false},"author":1,"featured_media":0,"parent":23,"menu_order":2,"comment_status":"closed","ping_status":"closed","template":"","meta":{"ngg_post_thumbnail":0,"footnotes":""},"class_list":["post-61","page","type-page","status-publish","hentry"],"_links":{"self":[{"href":"http:\/\/www.leperrierveloclub.com\/index.php\/wp-json\/wp\/v2\/pages\/61","targetHints":{"allow":["GET"]}}],"collection":[{"href":"http:\/\/www.leperrierveloclub.com\/index.php\/wp-json\/wp\/v2\/pages"}],"about":[{"href":"http:\/\/www.leperrierveloclub.com\/index.php\/wp-json\/wp\/v2\/types\/page"}],"author":[{"embeddable":true,"href":"http:\/\/www.leperrierveloclub.com\/index.php\/wp-json\/wp\/v2\/users\/1"}],"replies":[{"embeddable":true,"href":"http:\/\/www.leperrierveloclub.com\/index.php\/wp-json\/wp\/v2\/comments?post=61"}],"version-history":[{"count":125,"href":"http:\/\/www.leperrierveloclub.com\/index.php\/wp-json\/wp\/v2\/pages\/61\/revisions"}],"predecessor-version":[{"id":5734,"href":"http:\/\/www.leperrierveloclub.com\/index.php\/wp-json\/wp\/v2\/pages\/61\/revisions\/5734"}],"up":[{"embeddable":true,"href":"http:\/\/www.leperrierveloclub.com\/index.php\/wp-json\/wp\/v2\/pages\/23"}],"wp:attachment":[{"href":"http:\/\/www.leperrierveloclub.com\/index.php\/wp-json\/wp\/v2\/media?parent=61"}],"curies":[{"name":"wp","href":"https:\/\/api.w.org\/{rel}","templated":true}]}}