{"id":427,"date":"2012-02-27T17:42:16","date_gmt":"2012-02-27T17:42:16","guid":{"rendered":"http:\/\/www.leperrierveloclub.com\/?page_id=427"},"modified":"2025-11-24T08:50:45","modified_gmt":"2025-11-24T07:50:45","slug":"albums-des-courses","status":"publish","type":"page","link":"http:\/\/www.leperrierveloclub.com\/index.php\/mediatheque\/albums-des-courses","title":{"rendered":"Albums photos"},"content":{"rendered":"<h2>Saison 2025<\/h2>\nngg_shortcode_0_placeholder\n<h2>Bureau 2024-2025<\/h2>\nngg_shortcode_1_placeholder\n<h2>Stage de coh\u00e9sion 2023 au Perrier<\/h2>\nngg_shortcode_2_placeholder\n<h2>Stage de coh\u00e9sion du 26\/02\/2022 au Poir\u00e9\/Vie<\/h2>\nngg_shortcode_3_placeholder\n<h2>Entrainement juin 2021 et AG 2021<\/h2>\nngg_shortcode_4_placeholder\n<h2>Stage de coh\u00e9sion du 27\/02\/2016<\/h2>\nngg_shortcode_5_placeholder\n<h2>Forum ses Associations du Perrier du 05\/08\/2015<\/h2>\nngg_shortcode_6_placeholder\n<h2>Assembl\u00e9e g\u00e9n\u00e9rale du 15 novembre 2014<\/h2>\nngg_shortcode_7_placeholder\n<h2>Course de Sallertaine en UFOLEP du 09\/09\/2012<\/h2>\n<h3>Course de Sallertaine en 1ere Cat. UFOLEP du 09\/09\/2012<\/h3>\nngg_shortcode_8_placeholder\n<p>&nbsp;<\/p>\n<h3>Course de Sallertaine en 2e Cat. UFOLEP du 09\/09\/2012<\/h3>\nngg_shortcode_9_placeholder\n<p>&nbsp;<\/p>\n<h2>Course du Ch\u00e2teau d\u2019Olonne Pass\u2019Cyclisme F.F.C. D3-D4 du 02\/09\/2012<\/h2>\nngg_shortcode_10_placeholder\n<p>&nbsp;<\/p>\n<h2>Course Minime F.F.C. \u00e0 Bignoux (86) du 02\/09\/2012<\/h2>\nngg_shortcode_11_placeholder\n<p>&nbsp;<\/p>\n<h2>Course Minime F.F.C . \u00e0 St Sauveur (86) C.L.M. du 01\/09\/2012<\/h2>\nngg_shortcode_12_placeholder\n<p>&nbsp;<\/p>\n<h2>Course Le Langon (85) en UFOLEP du 19\/08\/2012<\/h2>\n<h3>Course Le Langon Cat\u00e9gorie GS UFOLEP du 19\/08\/2012<\/h3>\nngg_shortcode_13_placeholder\n<p>&nbsp;<\/p>\n<h3>Course Le Langon 3e Cat\u00e9gorie UFOLEP du 19\/08\/2012<\/h3>\nngg_shortcode_14_placeholder\n<p>&nbsp;<\/p>\n<h3>Course Le Langon 1ere Cat\u00e9gorie UFOLEP du 19\/08\/2012<\/h3>\nngg_shortcode_15_placeholder\n<p>&nbsp;<\/p>\n<h2>Course Minime \u00e0 S\u00e9v\u00e9rien de L\u2019avenir (16) du 19\/08\/012<\/h2>\nngg_shortcode_16_placeholder\n<p>&nbsp;<\/p>\n<h2>Course Minime F.F.C. \u00e0 La Roche sur Yon (85) du 15\/08\/012<\/h2>\nngg_shortcode_17_placeholder\n<p>&nbsp;<\/p>\n<h2>Course Minime F.F.C. au Ch\u00e2teau d\u2019Olonne (85) du 05\/08\/012<\/h2>\nngg_shortcode_18_placeholder\n<p>&nbsp;<\/p>\n<h2>Course de La Chapelle Th\u00e9mer Cat\u00e9gorie GS UFOLEP du 29\/07\/2012<\/h2>\nngg_shortcode_19_placeholder\n<p>&nbsp;<\/p>\n<h2>Course du Ch\u00e2teau d\u2019Olonne Pass\u2019Cyclisme F.F.C. D3-D4 du 05\/08\/2012<\/h2>\nngg_shortcode_20_placeholder\n<p>&nbsp;<\/p>\n<h2>Course Minime F.F.C. de STE SOULLE (17) du 12\/08\/2012<\/h2>\nngg_shortcode_21_placeholder\n<p>&nbsp;<\/p>\n<h2>Course de La Chapelle des Pots (17) du 29\/07\/2012<\/h2>\n<h3>Course de La Chapelle des Pots (17) en Pass&rsquo;Cyclisme Open F.F.C du 29\/07\/2012<\/h3>\nngg_shortcode_22_placeholder\n<p>&nbsp;<\/p>\n<h3>Course de La Chapelle des Pots (17) cat\u00e9gorie minime F.F.C. du 29\/07\/2012<\/h3>\nngg_shortcode_23_placeholder\n<p>&nbsp;<\/p>\n<h2>Championnat National UFOLEP \u00e0 ROCHECHOUART (87)<\/h2>\n<h3>Championnat National UFOLEP des 30-39 ans \u00e0 ROCHECHOUART (87) du 14\/07\/2012<\/h3>\nngg_shortcode_24_placeholder\n<p>&nbsp;<\/p>\n<h3>Championnat National UFOLEP des + 60 ans \u00e0 ROCHECHOUART (87) du 13\/07\/2012<\/h3>\nngg_shortcode_25_placeholder\n<p>&nbsp;<\/p>\n<h2>Course de Notre Dame de Riez Pass\u2019Cyclisme F.F.C. D3-D4 du 22\/07\/2012<\/h2>\nngg_shortcode_26_placeholder\n<p>&nbsp;<\/p>\n<h2>Course minime F.F.C. de Saint Varent (79) du 14\/07\/2012<\/h2>\nngg_shortcode_27_placeholder\n<p>&nbsp;<\/p>\n<h2>Course Minime de Olonne sur Mer (85) du 15\/07\/2012<\/h2>\nngg_shortcode_28_placeholder\n<p>&nbsp;<\/p>\n<h2>Course de St Hillaire des Loges Cat\u00e9gorie GS UFOLEP du 08\/07\/2012<\/h2>\nngg_shortcode_29_placeholder\n<p>&nbsp;<\/p>\n<h2>Course Minime F.F.C. de La Verrie (85) du 08\/07\/2012<\/h2>\nngg_shortcode_30_placeholder\n<p>&nbsp;<\/p>\n<h2>Championnat R\u00e9gional Minime F.F.C. Chateauneuf (49) du 01\/07\/2012<\/h2>\nngg_shortcode_31_placeholder\n<p>&nbsp;<\/p>\n<h2>Course de Lu\u00e7on UFOLEP du 23\/06\/2012<\/h2>\n<h3>Course de Lu\u00e7on en 3e cat\u00e9gorie UFOLEP du 23\/06\/2012<\/h3>\nngg_shortcode_32_placeholder\n<p>&nbsp;<\/p>\n<h3>Course de Lu\u00e7on en cat\u00e9gorie GS UFOLEP du 23\/06\/2012<\/h3>\nngg_shortcode_33_placeholder\n<p>&nbsp;<\/p>\n<h2>Course Minime F.F.C . de TRIGNAC (44) du 24\/06\/2012<\/h2>\nngg_shortcode_34_placeholder\n<p>&nbsp;<\/p>\n<h2>Course de MOUILLERON en semi-nocturne UFOLEP du 22\/06\/2012<\/h2>\n<h3>Course de MOUILLERON en semi-nocturne UFOLEP en 2e Cat\u00e9goie du 22\/06\/2012<\/h3>\nngg_shortcode_35_placeholder\n<p>&nbsp;<\/p>\n<h3>Course de MOUILLERON en semi-nocturne UFOLEP en Cat\u00e9gorie GS du 22\/06\/2012<\/h3>\nngg_shortcode_36_placeholder\n<p>&nbsp;<\/p>\n<h2>Course de NIEUL le DOLENT UFOLEP du 17\/06\/2012<\/h2>\n<h3>Course de NIEUL le DOLENT en 1ere cat\u00e9gorie UFOLEP du 17\/06\/2012<\/h3>\nngg_shortcode_37_placeholder\n<p>&nbsp;<\/p>\n<h3>Course de NIEUL le DOLENT en 2e cat\u00e9gorie UFOLEP du 17\/06\/2012<\/h3>\nngg_shortcode_38_placeholder\n<p>&nbsp;<\/p>\n<h3>Course de NIEUL le DOLENT en cat\u00e9gorie GS UFOLEP du 17\/06\/2012<\/h3>\nngg_shortcode_39_placeholder\n<p>&nbsp;<\/p>\n<h2>Course de Fontenay le Comte UFOLEP du 15\/06\/2012<\/h2>\nngg_shortcode_40_placeholder\n<p>&nbsp;<\/p>\n<h2>Championnat D\u00e9partemental Minime F.F.C. La FERRIERE (85) du17\/06\/2012<\/h2>\nngg_shortcode_41_placeholder\n<p>&nbsp;<\/p>\n<h2>Championnat r\u00e9gional UFOLEP \u00e0 Saint Denis du Payr\u00e9 du 03\/06\/2012<\/h2>\n<h3>Championnat r\u00e9gional UFOLEP S\u00e9nior B \u00e0 Saint Denis<\/h3>\nngg_shortcode_42_placeholder\n<p>&nbsp;<\/p>\n<h3>Championnat r\u00e9gional UFOLEP V\u00e9t\u00e9ran A \u00e0 Saint Denis<\/h3>\nngg_shortcode_43_placeholder\n<p>&nbsp;<\/p>\n<h2>Course Minime F.F.C. Saint Sylvain d\u2019Anjou (49) du 10\/06\/2012<\/h2>\nngg_shortcode_44_placeholder\n<p>&nbsp;<\/p>\n<h2>Course Minime F.F.C. Saint George de Montaigu (85) du 03\/06\/2012<\/h2>\nngg_shortcode_45_placeholder\n<p>&nbsp;<\/p>\n<h2>Course UFOLEP de DOMPIERRE SUR YON du 25\/05\/2012<\/h2>\n<h3>Course UFOLEP de DOMPIERRE SUR YON en cat\u00e9gorie GS<\/h3>\nngg_shortcode_46_placeholder\n<p>&nbsp;<\/p>\n<h3>Course UFOLEP de DOMPIERRE SUR YON en 3e cat\u00e9gorie<\/h3>\nngg_shortcode_47_placeholder\n<p>&nbsp;<\/p>\n<h3>Course UFOLEP de DOMPIERRE SUR YON en 2e cat\u00e9gorie<\/h3>\nngg_shortcode_48_placeholder\n<p>&nbsp;<\/p>\n<h3>Course UFOLEP de DOMPIERRE SUR YON en 1ere cat\u00e9gorie<\/h3>\nngg_shortcode_49_placeholder\n<p>&nbsp;<\/p>\n<h2>Course Minime LES HERBIERS (85) du 27\/05\/2012<\/h2>\nngg_shortcode_50_placeholder\n<p>&nbsp;<\/p>\n<h2>Championnat D\u00e9partemental UFOLEP \u00e0 S\u00e9rign\u00e9 du 13\/05\/2012<\/h2>\n<h3>Championnat D\u00e9partemental UFOLEP \u00e0 S\u00e9rign\u00e9 + 60 ans<\/h3>\nngg_shortcode_51_placeholder\n<p>&nbsp;<\/p>\n<h3>Championnat D\u00e9partemental UFOLEP S\u00e9nior B<\/h3>\nngg_shortcode_52_placeholder\n<p>&nbsp;<\/p>\n<h2>Course de Breuil-Barret en 3e Cat\u00e9gorie UFOLEP du 17\/05\/2012<\/h2>\nngg_shortcode_53_placeholder\n<p>&nbsp;<\/p>\n<h2>Course de LAIROUX en 3e Cat\u00e9gorie UFOLEP du 01\/05\/2012<\/h2>\nngg_shortcode_54_placeholder\n<p>&nbsp;<\/p>\n<h2>Course Minime CEZAIS (85) du 20\/05\/2012<\/h2>\nngg_shortcode_55_placeholder\n<p>&nbsp;<\/p>\n<h2>Course de la manche de LA GARNACHE du 06\/05\/2012 &#8211; 4 eme manche championnat Vend\u00e9e UFOLEP &#8211; VTT Adultes 20-29 ans<\/h2>\nngg_shortcode_56_placeholder\n<p>&nbsp;<\/p>\n<h2>Course de Ile d&rsquo;Olonne en 1ere Cat\u00e9gorie UFOLEP du 08\/05\/2012<\/h2>\nngg_shortcode_57_placeholder\n<p>&nbsp;<\/p>\n<h2>Course Cadet F.F.C. Nieul le Dolent (85) du 06\/05\/2012<\/h2>\nngg_shortcode_58_placeholder\n<p>&nbsp;<\/p>\n<h2>Course Minime F.F.C. Nieul le Dolent (85) du 06\/05\/2012<\/h2>\nngg_shortcode_59_placeholder\n<p>&nbsp;<\/p>\n<h2>Course Cadet F.F.C. St Jean de Monts (85) du 01\/04\/2012<\/h2>\nngg_shortcode_60_placeholder\n<p>&nbsp;<\/p>\n<h2>Course Minime F.F.C. St Jean de Monts (85) du 01\/04\/2012<\/h2>\nngg_shortcode_61_placeholder\n<p>&nbsp;<\/p>\n<h2>Course Minime F.F.C. Sainte-Radegonde (85) du 29\/04\/2012<\/h2>\nngg_shortcode_62_placeholder\n<p>&nbsp;<\/p>\n<h2>Course VIHIERS (49) Pass&rsquo;Cyclisme F.F.C. D3-D4 du 28\/04\/2012<\/h2>\nngg_shortcode_63_placeholder\n<p>&nbsp;<\/p>\n<h2>3eme manche championnat Vend\u00e9e UFOLEP &#8211; Manche de CHANTONNAY du 22\/04\/2012<\/h2>\n<h3>Course VTT Adultes 20-29 ans &#8211; manche de CHANTONNAY du 22\/04\/2012<\/h3>\nngg_shortcode_64_placeholder\n<p>&nbsp;<\/p>\n<h3>Course VTT Adultes 50-59 ans &#8211; manche de CHANTONNAY du 22\/04\/2012<\/h3>\nngg_shortcode_65_placeholder\n<p>&nbsp;<\/p>\n<h2>Course Venansault 3e Cat\u00e9gorie UFOLEP du 22\/04\/2012<\/h2>\nngg_shortcode_66_placeholder\n<p>&nbsp;<\/p>\n<h2>Course Minime F.F.C. R\u00e9aumur (85) du 21\/04\/2012<\/h2>\nngg_shortcode_67_placeholder\n<p>&nbsp;<\/p>\n<h2>Course Mouilleron le Captif 1ere Cat\u00e9gorie UFOLEP du 15\/04\/2012<\/h2>\nngg_shortcode_68_placeholder\n<p>&nbsp;<\/p>\n<h2>Course Mouilleron le Captif 2e Cat\u00e9gorie UFOLEP du 15\/04\/2012<\/h2>\nngg_shortcode_69_placeholder\n<p>&nbsp;<\/p>\n<h2>Course Mouilleron le Captif 3e Cat\u00e9gorie UFOLEP du 15\/04\/2012<\/h2>\nngg_shortcode_70_placeholder\n<p>&nbsp;<\/p>\n<h2>Course Mouilleron le Captif Cat\u00e9gorie GS UFOLEP du 15\/04\/2012<\/h2>\nngg_shortcode_71_placeholder\n<p>&nbsp;<\/p>\n<h2>Course OLONNES Pass&rsquo;Cyclisme F.F.C. D3-D4 du 08\/04\/2012<\/h2>\nngg_shortcode_72_placeholder\n<p>&nbsp;<\/p>\n<h2>Course Cadet F.F.C. Challans (85) du 08\/04\/2012<\/h2>\nngg_shortcode_73_placeholder\n<p>&nbsp;<\/p>\n<h2>Course Minime F.F.C. Challans (85) du 08\/04\/2012<\/h2>\nngg_shortcode_74_placeholder\n<p>&nbsp;<\/p>\n<h2>Course 1ere Cat\u00e9gorie UFOLEP ST JULIEN DES LANDES du 01\/04\/2012<\/h2>\nngg_shortcode_75_placeholder\n<p>&nbsp;<\/p>\n<h2>Course Minime F.F.C. Chantonnay (85) du 01\/04\/2012<\/h2>\nngg_shortcode_76_placeholder\n<p>&nbsp;<\/p>\n<h2>Course Corpe 2e Cat\u00e9gorie UFOLEP du 25\/03\/2012<\/h2>\nngg_shortcode_77_placeholder\n<p>&nbsp;<\/p>\n<h2>Course Corpe Cat\u00e9gorie GS UFOLEP du 25\/03\/2012<\/h2>\nngg_shortcode_78_placeholder\n<p>&nbsp;<\/p>\n<h2>Course Minime F.F.C. Sainte-Florence (85) du 25\/03\/2012<\/h2>\nngg_shortcode_79_placeholder\n<p>&nbsp;<\/p>\n<h2>Course de la manche de ST JEAN DE MONTS du 18\/03\/2012 &#8211; VTT ADULTES 50-59 ANS<\/h2>\nngg_shortcode_80_placeholder\n<p>&nbsp;<\/p>\n<h2>Course Sainte Gemme la Plaine 1ere Cat\u00e9gorie UFOLEP du 18\/03\/2012<\/h2>\nngg_shortcode_81_placeholder\n<p>&nbsp;<\/p>\n<h2>Course Sainte Gemme la Plaine Cat\u00e9gorie GS UFOLEP du 18\/03\/2012<\/h2>\nngg_shortcode_82_placeholder\n<p>&nbsp;<\/p>\n<h2>Course Minime Saint-Maurice-Le-Girard (85) du 18\/03\/2012<\/h2>\nngg_shortcode_83_placeholder\n<p>&nbsp;<\/p>\n<h2>Course Les Moutier sur Lay en 3e Cat\u00e9gorie UFOLEP le 11\/03\/2012<\/h2>\nngg_shortcode_84_placeholder\n<p>&nbsp;<\/p>\n<h2>Course Minime F.F.C. de Challans (85) du 11\/03\/2012<\/h2>\nngg_shortcode_85_placeholder\n<p>&nbsp;<\/p>\n<h2>Course du Fraigneau en 3e cat\u00e9gorie UFOLEP du 04\/03\/2012<\/h2>\nngg_shortcode_86_placeholder\n<p>&nbsp;<\/p>\n<h2>Course de La Meilleraie-Tillay (85) cat\u00e9gorie minime du 04\/03\/2012<\/h2>\nngg_shortcode_87_placeholder\n<p>&nbsp;<\/p>\n<h2>Course COEX du 26 f\u00e9vrier 2012<\/h2>\nngg_shortcode_88_placeholder\n","protected":false},"excerpt":{"rendered":"<p>Saison 2025 Bureau 2024-2025 Stage de coh\u00e9sion 2023 au Perrier Stage de coh\u00e9sion du 26\/02\/2022 au Poir\u00e9\/Vie Entrainement juin 2021 et AG 2021 Stage de coh\u00e9sion du 27\/02\/2016 Forum ses &#8230;<\/p>\n","protected":false},"author":2,"featured_media":0,"parent":276,"menu_order":1,"comment_status":"closed","ping_status":"closed","template":"","meta":{"ngg_post_thumbnail":0,"footnotes":""},"class_list":["post-427","page","type-page","status-publish","hentry"],"_links":{"self":[{"href":"http:\/\/www.leperrierveloclub.com\/index.php\/wp-json\/wp\/v2\/pages\/427","targetHints":{"allow":["GET"]}}],"collection":[{"href":"http:\/\/www.leperrierveloclub.com\/index.php\/wp-json\/wp\/v2\/pages"}],"about":[{"href":"http:\/\/www.leperrierveloclub.com\/index.php\/wp-json\/wp\/v2\/types\/page"}],"author":[{"embeddable":true,"href":"http:\/\/www.leperrierveloclub.com\/index.php\/wp-json\/wp\/v2\/users\/2"}],"replies":[{"embeddable":true,"href":"http:\/\/www.leperrierveloclub.com\/index.php\/wp-json\/wp\/v2\/comments?post=427"}],"version-history":[{"count":42,"href":"http:\/\/www.leperrierveloclub.com\/index.php\/wp-json\/wp\/v2\/pages\/427\/revisions"}],"predecessor-version":[{"id":5744,"href":"http:\/\/www.leperrierveloclub.com\/index.php\/wp-json\/wp\/v2\/pages\/427\/revisions\/5744"}],"up":[{"embeddable":true,"href":"http:\/\/www.leperrierveloclub.com\/index.php\/wp-json\/wp\/v2\/pages\/276"}],"wp:attachment":[{"href":"http:\/\/www.leperrierveloclub.com\/index.php\/wp-json\/wp\/v2\/media?parent=427"}],"curies":[{"name":"wp","href":"https:\/\/api.w.org\/{rel}","templated":true}]}}