{"id":28,"date":"2011-11-28T18:50:40","date_gmt":"2011-11-28T18:50:40","guid":{"rendered":"http:\/\/www.leperrierveloclub.com\/?page_id=28"},"modified":"2025-05-27T21:48:24","modified_gmt":"2025-05-27T19:48:24","slug":"historique","status":"publish","type":"page","link":"http:\/\/www.leperrierveloclub.com\/index.php\/le-club\/historique","title":{"rendered":"Historique"},"content":{"rendered":"<h2>Retrouvez l&rsquo;histoire du club \u00e0 travers les ann\u00e9es<\/h2>\n<h3>Ann\u00e9es 2023\/2024\/2025<\/h3>\n<p lang=\"zxx\">En mon nom et celui du nouveau Bureau, je vous souhaite la bienvenue sur le site du club. Le poste de pr\u00e9sident est une responsabilit\u00e9, une mission, un challenge qui ne se rel\u00e8ve qu\u2019avec une \u00e9quipe et des partenaires sur lesquels nous pouvons compter.<\/p>\n<p lang=\"zxx\">Concsient de la responsabilit\u00e9 qui m\u2019incombe, je m\u2019engage \u00e0 tout mettre en oeuvre pour r\u00e9pondre \u00e0 vos attentes. Notre association est forte de ses membres et ensemble, je suis convaincu que nous pourrons construire un avenir prometteur pour notre club.<\/p>\n<p lang=\"zxx\">Nous avons \u00e0 coeur d\u2019accueillir le mieux possible les nouveaux arrivants pour leur permettre d\u2019\u00e9voluer au mieux dans leur pratique du cyclisme, la convivialit\u00e9 et la solidarit\u00e9 sont omnipr\u00e9sentes au sein du groupe.<\/p>\n<p lang=\"zxx\">J\u2019en profite \u00e9galement pour remercier :<\/p>\n<ul>\n<li lang=\"zxx\">les membres du bureau qui sont toujours forts de proposition et d\u2019implication personnelle ;<\/li>\n<li lang=\"zxx\">les adh\u00e9rents qui s\u2019investissent activement au sein de la vie du club ;<\/li>\n<li lang=\"zxx\">les conjoint(e)s, membres des familles, amis qui constituent une \u00e9quipe fid\u00e8le de b\u00e9n\u00e9voles ;<\/li>\n<li lang=\"zxx\">les sponsors, partenaires, commer\u00e7ants et artisants du Perrier qui nous permettent d\u2019exister et de mener \u00e0 bien tous nos projets.<\/li>\n<li lang=\"zxx\">Mme Le Maire de la commune du PERRIER et son adjointe \u00e0 la vie associative qui nous accompagnent depuis la cr\u00e9ation du club et se rendent disponibles pour nous.<\/li>\n<\/ul>\n<p>Sur ces quelques mots, je souhaite \u00e0 tous une belle saison sportive \u00e0 la hauteur de vos attentes.<\/p>\n<p style=\"text-align: right;\">Claude DUPONT<br \/>\nPr\u00e9sident du Perrier V\u00e9lo Club<\/p>\n<h3>Ann\u00e9e 2019\/2020<\/h3>\n<p lang=\"zxx\">Chers visiteurs du site Internet, adh\u00e9rents et sympathisants de l&rsquo;association, comp\u00e9titeurs et cyclotouristes du Perrier V\u00e9lo Club,<\/p>\n<p lang=\"zxx\">C\u2019est avec plaisir et fiert\u00e9 que je prends la suite de la Pr\u00e9sidence du Perrier V\u00e9lo Club pour cette nouvelle saison sportive. Au nom de l&rsquo;ensemble des membres de bureau, je tenais \u00e0 vous pr\u00e9senter nos meilleurs v\u0153ux pour cette ann\u00e9e 2019. Que celle-ci soit remplie de joie, de bonheur, de projets et d\u2019accomplissements personnels, professionnels, et bien entendu sportifs.<\/p>\n<p lang=\"zxx\">Ce message de d\u00e9but d&rsquo;ann\u00e9e est, pour moi, l&rsquo;occasion de rappeler les valeurs de notre sport : l&rsquo;entraide, la coh\u00e9sion, le partage, l&rsquo;abn\u00e9gation et la camaraderie. La joie de se retrouver lors des diff\u00e9rents \u00e9v\u00e9nements annuels est l&rsquo;essence m\u00eame du Perrier V\u00e9lo Club ; et doit rester au c\u0153ur des pr\u00e9occupations de chacun.<\/p>\n<p lang=\"zxx\">Je suis heureuse de pr\u00e9sider une association disposant d\u2019un panel vari\u00e9 d&rsquo;adh\u00e9rents ; jeunes et moins jeunes ; hommes et femmes ; comp\u00e9titeurs et cyclotouristes. La diversit\u00e9 est une richesse et permet \u00e0 chacun de se sentir \u00e0 sa place au sein de l\u2019association ; cela doit \u00eatre pr\u00e9serv\u00e9 au maximum.<\/p>\n<p lang=\"zxx\">Je profite \u00e9galement de cet \u00e9crit pour remercier :<\/p>\n<ul>\n<li>\n<p lang=\"zxx\">les membres du bureaux qui sont toujours forts de proposition et d&rsquo;implication personnelle ;<\/p>\n<\/li>\n<li>\n<p lang=\"zxx\">les adh\u00e9rents qui s&rsquo;investissent activement au sein de la vie du club ;<\/p>\n<\/li>\n<li>\n<p lang=\"zxx\">les conjoint(e)s, membres des familles, amis qui constituent une \u00e9quipe fid\u00e8le de b\u00e9n\u00e9voles ;<\/p>\n<\/li>\n<li>\n<p lang=\"zxx\">les sponsors et partenaires qui nous permettent d&rsquo;exister et de mener \u00e0 bien tous nos projets ;<\/p>\n<\/li>\n<li>\n<p lang=\"zxx\">Mme Le Maire de la commune du PERRIER et son adjointe \u00e0 la vie associative qui nous accompagnent depuis la cr\u00e9ation du club et se rendent disponibles pour nous.<\/p>\n<\/li>\n<\/ul>\n<p lang=\"zxx\">Sur ces quelques mots, je souhaite \u00e0 tous une belle ann\u00e9e 2019 et une saison sportive \u00e0 la hauteur de vos attentes.<\/p>\n<p lang=\"zxx\" align=\"right\">C\u00e9lia MARIE,<br \/>\nPr\u00e9sidente du Perrier V\u00e9lo Club<\/p>\n<h3>Ann\u00e9e 2013\/2014<\/h3>\n<p>Je tiens tout d\u2019abord \u00e0 remercier les personnes qui viennent d\u2019int\u00e9grer le bureau pour&nbsp; 2014.<\/p>\n<p>Avec cette nouvelle \u00e9quipe, nous allons tout mettre en \u0153uvre pour r\u00e9ussir la prochaine saison et atteindre nos objectifs.<\/p>\n<p>Nous continuerons \u00e0 porter haut les couleurs du Perrier V\u00e9lo Club, tant lors des manifestations sportives que nous organiserons, qu\u2019\u00e0 l\u2019occasion des comp\u00e9titions cyclistes auxquelles nous participerons.<\/p>\n<p>N\u2019oublions pas non plus de remercier la Municipalit\u00e9 du Perrier ainsi que nos partenaires qui nous offrent \u2013 par leur aide pr\u00e9cieuse \u2013 les moyens de nos ambitions.<\/p>\n<p>Bonne humeur, convivialit\u00e9, esprit d\u2019\u00e9quipe et amiti\u00e9 sont les mots clefs de notre Club.<\/p>\n<p>Amiti\u00e9s sportives \u00e0 toutes et tous,<\/p>\n<p style=\"text-align: right;\">Le Pr\u00e9sident,<br \/>\nClaude DUPONT<\/p>\n<h3>Ann\u00e9e 2012\/2013<\/h3>\n<p>Echangeant sur nos exp\u00e9riences respectives dans nos pr\u00e9c\u00e9dents clubs de v\u00e9lo, Alain Claude et moi constations que nous r\u00eavions d\u2019une petite structure conviviale o\u00f9 le plaisir serait la priorit\u00e9.<\/p>\n<p>A la fin du mois d\u2019ao\u00fbt 2011 la question d\u2019une mutation se posait pour deux d\u2019entre nous, et notre id\u00e9e de petit club revint.<\/p>\n<p>Renseignements pris pour la cr\u00e9ation de l\u2019association loi de 1901 ainsi que d\u2019un club aupr\u00e8s de la FFC, nous \u00e9tions encore dans les temps pour tout lancer, mais le calendrier risquait d\u2019\u00eatre serr\u00e9. Assembl\u00e9e constitutive en septembre suivie de la d\u00e9claration en pr\u00e9fecture. D\u00e8s r\u00e9ception du journal officiel, d\u00e9p\u00f4t du dossier \u00e0 la FFC pour pouvoir permettre les futures mutations. M\u00eame op\u00e9ration aupr\u00e8s de l\u2019UFOLEP.<br \/>\nFin septembre tout est boucl\u00e9, ouf !<\/p>\n<p>Surprise courant octobre, le nombre des personnes int\u00e9ress\u00e9es par le club d\u00e9passe largement nos esp\u00e9rances. C\u2019est que le concept doit plaire donc.<\/p>\n<p>Nous sommes trois \u00e0 l\u2019initiative du club, mais c\u2019est vous tous qui \u00e9crirez l\u2019histoire du PERRIER V\u00e9lo Club.<br \/>\nBonne route pour cette premi\u00e8re saison.<\/p>\n<p style=\"text-align: right;\">Pierre TERRIEN<br \/>\nPr\u00e9sident 2012\/2013<\/p>\n","protected":false},"excerpt":{"rendered":"<p>Retrouvez l&rsquo;histoire du club \u00e0 travers les ann\u00e9es Ann\u00e9es 2023\/2024\/2025 En mon nom et celui du nouveau Bureau, je vous souhaite la bienvenue sur le site du club. Le poste &#8230;<\/p>\n","protected":false},"author":4,"featured_media":0,"parent":23,"menu_order":1,"comment_status":"closed","ping_status":"closed","template":"","meta":{"ngg_post_thumbnail":0,"footnotes":""},"class_list":["post-28","page","type-page","status-publish","hentry"],"_links":{"self":[{"href":"http:\/\/www.leperrierveloclub.com\/index.php\/wp-json\/wp\/v2\/pages\/28","targetHints":{"allow":["GET"]}}],"collection":[{"href":"http:\/\/www.leperrierveloclub.com\/index.php\/wp-json\/wp\/v2\/pages"}],"about":[{"href":"http:\/\/www.leperrierveloclub.com\/index.php\/wp-json\/wp\/v2\/types\/page"}],"author":[{"embeddable":true,"href":"http:\/\/www.leperrierveloclub.com\/index.php\/wp-json\/wp\/v2\/users\/4"}],"replies":[{"embeddable":true,"href":"http:\/\/www.leperrierveloclub.com\/index.php\/wp-json\/wp\/v2\/comments?post=28"}],"version-history":[{"count":13,"href":"http:\/\/www.leperrierveloclub.com\/index.php\/wp-json\/wp\/v2\/pages\/28\/revisions"}],"predecessor-version":[{"id":5641,"href":"http:\/\/www.leperrierveloclub.com\/index.php\/wp-json\/wp\/v2\/pages\/28\/revisions\/5641"}],"up":[{"embeddable":true,"href":"http:\/\/www.leperrierveloclub.com\/index.php\/wp-json\/wp\/v2\/pages\/23"}],"wp:attachment":[{"href":"http:\/\/www.leperrierveloclub.com\/index.php\/wp-json\/wp\/v2\/media?parent=28"}],"curies":[{"name":"wp","href":"https:\/\/api.w.org\/{rel}","templated":true}]}}