{"id":1150,"date":"2012-10-22T13:50:31","date_gmt":"2012-10-22T13:50:31","guid":{"rendered":"http:\/\/www.leperrierveloclub.com\/?page_id=1150"},"modified":"2026-02-23T08:39:20","modified_gmt":"2026-02-23T07:39:20","slug":"presse","status":"publish","type":"page","link":"http:\/\/www.leperrierveloclub.com\/index.php\/mediatheque\/presse","title":{"rendered":"La presse en parle"},"content":{"rendered":"<p>Retrouvez, ann\u00e9e par ann\u00e9e, tous les articles de la presse \u00e9voquant le Club du Perrier.<\/p>\n<h2>Articles de la presse en 2026<\/h2>\nngg_shortcode_0_placeholder\n<h2>Articles de la presse en 2025<\/h2>\nngg_shortcode_1_placeholder\n<h2>Articles de la presse en 2024<\/h2>\nngg_shortcode_2_placeholder\n<h2>Articles de la presse en 2023<\/h2>\nngg_shortcode_3_placeholder\n<h2>Articles de la presse en 2019<\/h2>\nngg_shortcode_4_placeholder\n<h2>Articles de la presse en 2018<\/h2>\nngg_shortcode_5_placeholder\n<h2>Articles de la presse en 2017<\/h2>\n<table id=\"la-presse-2017\" border=\"0\" width=\"100%\" cellspacing=\"0\" cellpadding=\"0\" align=\"center\">\n<tbody>\n<tr>\n<td style=\"text-align: center;\"><a title=\"Bulletin Municipal d\u00e9cembre 2017\" href=\"http:\/\/www.leperrierveloclub.com\/wp-content\/uploads\/2018\/01\/bulletin-municipal-decembre-2017_800x800.jpg\"><img loading=\"lazy\" decoding=\"async\" class=\"alignnone\" title=\"Bulletin Municipal d\u00e9cembre 2017\" src=\"http:\/\/www.leperrierveloclub.com\/wp-content\/uploads\/2018\/01\/bulletin-municipal-decembre-2017_800x800.jpg\" alt=\"Bulletin Municipal d\u00e9cembre 2017\" width=\"200\" height=\"200\"><\/a><\/td>\n<td style=\"text-align: center;\"><a title=\"Ouest France du 7 d\u00e9cembre 2017\" href=\"http:\/\/www.leperrierveloclub.com\/wp-content\/uploads\/2017\/12\/ouest-france-07-12-2017_800x800.jpg\"><img loading=\"lazy\" decoding=\"async\" class=\"alignnone\" title=\"Ouest France du 7 d\u00e9cembre 2017\" src=\"http:\/\/www.leperrierveloclub.com\/wp-content\/uploads\/2017\/12\/ouest-france-07-12-2017_800x800.jpg\" alt=\"Ouest France du 7 d\u00e9cembre 2017\" width=\"200\" height=\"200\"><\/a><\/td>\n<\/tr>\n<tr>\n<td style=\"text-align: center;\">Bulletin Municipal<br \/>\nde d\u00e9cembre 2017<\/td>\n<td style=\"text-align: center;\">Ouest France<br \/>\ndu 7 d\u00e9cembre 2017<\/td>\n<\/tr>\n<tr>\n<td style=\"text-align: center;\"><a title=\"Bulletin Municipal de juillet 2017\" href=\"http:\/\/www.leperrierveloclub.com\/wp-content\/uploads\/2017\/09\/parole-aux-associations.png\"><img loading=\"lazy\" decoding=\"async\" class=\"alignnone\" title=\"Bulletin Municipal de juillet 2017\" src=\"http:\/\/www.leperrierveloclub.com\/wp-content\/uploads\/2017\/09\/parole-aux-associations.png\" alt=\"Bulletin Municipal de juillet 2017\" width=\"200\" height=\"200\"><\/a><\/td>\n<td style=\"text-align: center;\"><a title=\"Ouest France du 26 mai 2017\" href=\"http:\/\/www.leperrierveloclub.com\/wp-content\/uploads\/2017\/07\/ouest-france-du-26-05-2017_800x800.jpg\"><img loading=\"lazy\" decoding=\"async\" class=\"alignnone\" title=\"Ouest France du 26 mai 2017\" src=\"http:\/\/www.leperrierveloclub.com\/wp-content\/uploads\/2017\/07\/ouest-france-du-26-05-2017_800x800.jpg\" alt=\"Ouest Fance du 26 mai 2017\" width=\"200\" height=\"200\"><\/a><\/td>\n<\/tr>\n<tr>\n<td style=\"text-align: center;\">Bulletin Municipal<br \/>\nde juillet 2017<\/td>\n<td style=\"text-align: center;\">Ouest France<br \/>\ndu 26 mai 2017<\/td>\n<\/tr>\n<tr>\n<td style=\"text-align: center;\"><a title=\"Ouest Fance du 24 mai 2017\" href=\"http:\/\/www.leperrierveloclub.com\/wp-content\/uploads\/2017\/07\/ouest-france-du-24-05-2017_800x800.jpg\"><img loading=\"lazy\" decoding=\"async\" class=\"alignnone\" title=\"Ouest Fance du 24 mai 2017\" src=\"http:\/\/www.leperrierveloclub.com\/wp-content\/uploads\/2017\/07\/ouest-france-du-24-05-2017_800x800.jpg\" alt=\"Ouest Fance du 24 mai 2017\" width=\"200\" height=\"200\"><\/a><\/td>\n<td style=\"text-align: center;\"><a title=\"Le Courrier Vend\u00e9en du 16 f\u00e9vrier 2017\" href=\"http:\/\/www.leperrierveloclub.com\/wp-content\/uploads\/2017\/02\/courrier-vendeen-du-16-02-2017_800x800.jpg\"><img loading=\"lazy\" decoding=\"async\" class=\"alignnone\" title=\"Le Courrier Vend\u00e9en du 12 d\u00e9cembre 2016\" src=\"http:\/\/www.leperrierveloclub.com\/wp-content\/uploads\/2017\/02\/courrier-vendeen-du-16-02-2017_800x800.jpg\" alt=\"Le Courrier Vend\u00e9en du 16 f\u00e9vrier 2017\" width=\"200\" height=\"200\"><\/a><\/td>\n<\/tr>\n<tr>\n<td style=\"text-align: center;\">Ouest France<br \/>\ndu 24 mai 2017<\/td>\n<td style=\"text-align: center;\">Le Courrier Vend\u00e9en<br \/>\ndu 16 f\u00e9vrier 2017&nbsp;<\/td>\n<\/tr>\n<\/tbody>\n<\/table>\n<h2>Articles de la presse en 2016<\/h2>\n<table id=\"la-presse-2016\" border=\"0\" width=\"100%\" cellspacing=\"0\" cellpadding=\"0\" align=\"center\">\n<tbody>\n<tr>\n<td style=\"text-align: center;\"><a title=\"Le Courrier Vend\u00e9en du 12 d\u00e9cembre 2016\" href=\"http:\/\/www.leperrierveloclub.com\/wp-content\/uploads\/2016\/12\/le-courrier-vendeen-du-12-12-2016_800x800.jpg\"><img loading=\"lazy\" decoding=\"async\" class=\"alignnone\" title=\"Le Courrier Vend\u00e9en du 12 d\u00e9cembre 2016\" src=\"http:\/\/www.leperrierveloclub.com\/wp-content\/uploads\/2016\/12\/le-courrier-vendeen-du-12-12-2016_800x800.jpg\" alt=\"Le Courrier Vend\u00e9en du 12 d\u00e9cembre 2016\" width=\"200\" height=\"200\"><\/a><\/td>\n<td style=\"text-align: center;\"><a title=\"Ouest France du 12 d\u00e9cembre 2016\" href=\"http:\/\/www.leperrierveloclub.com\/wp-content\/uploads\/2016\/12\/ouest-france-du-12-12-2016_800x800.jpg\"><img loading=\"lazy\" decoding=\"async\" class=\"alignnone\" title=\"Ouest France du 12 d\u00e9cembre 2016\" src=\"http:\/\/www.leperrierveloclub.com\/wp-content\/uploads\/2016\/12\/ouest-france-du-12-12-2016_800x800.jpg\" alt=\"Ouest France du 12 d\u00e9cembre 2016\" width=\"200\" height=\"200\"><\/a><\/td>\n<\/tr>\n<tr>\n<td style=\"text-align: center;\">Le Courrier Vend\u00e9en<br \/>\ndu 12 d\u00e9cembre 2016<\/td>\n<td style=\"text-align: center;\">Ouest France<br \/>\n12 d\u00e9cembre 2016<\/td>\n<\/tr>\n<tr>\n<td style=\"text-align: center;\"><a title=\"Bulletin Municipal juillet 2016\" href=\"http:\/\/www.leperrierveloclub.com\/wp-content\/uploads\/2016\/07\/Bulletin-Municipal-juillet-2016.pdf\"><img loading=\"lazy\" decoding=\"async\" class=\"alignnone\" title=\"Bulletin Municipal juillet 2016\" src=\"http:\/\/www.leperrierveloclub.com\/wp-content\/uploads\/2016\/07\/Bulletin-Municipal-juillet-2016_800x800.png\" alt=\"Bulletin Municipal juillet 2016\" width=\"200\" height=\"200\"><\/a><\/td>\n<td style=\"text-align: center;\"><a title=\"Le Courrier Vend\u00e9en du 09 juin 2016\" href=\"http:\/\/www.leperrierveloclub.com\/wp-content\/uploads\/2016\/04\/le-courrier-vendeen-du-09-06-2016_800x800.jpg\"><img loading=\"lazy\" decoding=\"async\" class=\"alignnone\" title=\"Le Courrier Vend\u00e9en du 09 juin 2016\" src=\"http:\/\/www.leperrierveloclub.com\/wp-content\/uploads\/2016\/06\/le-courrier-vendeen-du-09-06-2016_800x800.jpg\" alt=\"Le Courrier Vend\u00e9en du 09 juin 2016\" width=\"200\" height=\"200\"><\/a><\/td>\n<\/tr>\n<tr>\n<td style=\"text-align: center;\">Bulletin Municipal<br \/>\njuillet 2016<\/td>\n<td style=\"text-align: center;\">Le Courrier Vend\u00e9en<br \/>\ndu 09 juin 2016<\/td>\n<\/tr>\n<tr>\n<td style=\"text-align: center;\"><a title=\"Le Courrier Vend\u00e9en du 28 avril 2016\" href=\"http:\/\/www.leperrierveloclub.com\/wp-content\/uploads\/2016\/04\/le-courrier-vendeen-du-28-04-2016_800x800.jpg\"><img loading=\"lazy\" decoding=\"async\" class=\"alignnone\" title=\"Le Courrier Vend\u00e9en du 28 avril 2016\" src=\"http:\/\/www.leperrierveloclub.com\/wp-content\/uploads\/2016\/04\/le-courrier-vendeen-du-28-04-2016_800x800.jpg\" alt=\"Le Courrier Vend\u00e9en du 28 avril 2016\" width=\"200\" height=\"200\"><\/a><\/td>\n<td style=\"text-align: center;\"><a title=\"Ouest France du 22 avril 2016\" href=\"http:\/\/www.leperrierveloclub.com\/wp-content\/uploads\/2016\/04\/ouest-france-du-22-04-2016_800x800.jpg\"><img loading=\"lazy\" decoding=\"async\" class=\"alignnone\" title=\"Ouest France du 22 avril 2016\" src=\"http:\/\/www.leperrierveloclub.com\/wp-content\/uploads\/2016\/04\/ouest-france-du-22-04-2016_800x800.jpg\" alt=\"Ouest France du 22 avril 2016\" width=\"200\" height=\"200\"><\/a><\/td>\n<\/tr>\n<tr>\n<td style=\"text-align: center;\">Le Courrier Vend\u00e9en<br \/>\ndu 28 avril 2016<\/td>\n<td style=\"text-align: center;\">Ouest France<br \/>\n27 avril 2016<\/td>\n<\/tr>\n<tr>\n<td style=\"text-align: center;\"><a title=\"Le Courrier Vend\u00e9en du 3 mars 2016\" href=\"http:\/\/www.leperrierveloclub.com\/wp-content\/uploads\/2016\/03\/le-courrer-vendeen-du-3-mars-2016_800x800.jpg\"><img loading=\"lazy\" decoding=\"async\" class=\"alignnone\" title=\"Le Courrier Vend\u00e9en du 3 mars 2016\" src=\"http:\/\/www.leperrierveloclub.com\/wp-content\/uploads\/2016\/03\/le-courrer-vendeen-du-3-mars-2016_800x800.jpg\" alt=\"Le Courrier Vend\u00e9en du 3 mars 2016\" width=\"200\" height=\"200\"><\/a><\/td>\n<td style=\"text-align: center;\"><a title=\"Ouest France du 29 f\u00e9vrier 2016\" href=\"http:\/\/www.leperrierveloclub.com\/wp-content\/uploads\/2016\/03\/ouest-france-29-fevrier-2016_800x800.jpg\"><img loading=\"lazy\" decoding=\"async\" class=\"alignnone\" title=\"Ouest France du 29 f\u00e9vrier 2016\" src=\"http:\/\/www.leperrierveloclub.com\/wp-content\/uploads\/2016\/03\/ouest-france-29-fevrier-2016_800x800.jpg\" alt=\"Ouest France du 29 f\u00e9vrier 2016\" width=\"200\" height=\"200\"><\/a><\/td>\n<\/tr>\n<tr>\n<td style=\"text-align: center;\">Le Courrier Vend\u00e9en<br \/>\ndu 3 mars 2016<\/td>\n<td style=\"text-align: center;\">Ouest France<br \/>\n29 fe\u0301vrier 2016<\/td>\n<\/tr>\n<tr>\n<td style=\"text-align: center;\">&nbsp;<\/td>\n<td style=\"text-align: center;\">&nbsp;<\/td>\n<\/tr>\n<\/tbody>\n<\/table>\n<h2>Articles de la presse en 2015<\/h2>\n<table id=\"la-presse-2015\" border=\"0\" summary=\"Liste des articles de presse \u00e9voquant le Club du Perrier en 2015\" width=\"100%\" cellspacing=\"0\" cellpadding=\"0\" align=\"center\">\n<tbody>\n<tr>\n<td style=\"text-align: center;\"><a title=\"Le Courrier Vend\u00e9en du 22 octobre 2015\" href=\"http:\/\/www.leperrierveloclub.com\/wp-content\/uploads\/2015\/10\/le-courrier-du-22-10-2015.jpg\"><img loading=\"lazy\" decoding=\"async\" class=\"alignnone\" title=\"Le Courrier Vend\u00e9en du 22 octobre 2015\" src=\"http:\/\/www.leperrierveloclub.com\/wp-content\/uploads\/2015\/10\/le-courrier-du-22-10-2015.jpg\" alt=\"Le Courrier Vend\u00e9en du 22 octobre 2015\" width=\"200\" height=\"200\"><\/a><\/td>\n<td style=\"text-align: center;\"><a title=\"Ouest France du 26 octobre 2015\" href=\"http:\/\/www.leperrierveloclub.com\/wp-content\/uploads\/2015\/10\/ouest-fance-du-26-10-2015.jpg\"><img loading=\"lazy\" decoding=\"async\" class=\"alignnone\" title=\"Ouest France du 20 mai 2015\" src=\"http:\/\/www.leperrierveloclub.com\/wp-content\/uploads\/2015\/10\/ouest-fance-du-26-10-2015.jpg\" alt=\"Ouest France du 26 octobre 2015\" width=\"200\" height=\"200\"><\/a><\/td>\n<\/tr>\n<tr>\n<td style=\"text-align: center;\">Le Courrier Vend\u00e9en<br \/>\ndu 22 octobre 2015<\/td>\n<td style=\"text-align: center;\">Ouest France<br \/>\n26 octobre 2015<\/td>\n<\/tr>\n<tr>\n<td style=\"text-align: center;\"><a title=\"Le bullletin communal de juillet 2015\" href=\"http:\/\/www.leperrierveloclub.com\/wp-content\/uploads\/2015\/07\/le-bulletin-communal-juillet-2015_800x800.jpg\"><img loading=\"lazy\" decoding=\"async\" class=\"alignnone\" title=\"Le bulletin communal de juillet 2015\" src=\"http:\/\/www.leperrierveloclub.com\/wp-content\/uploads\/2015\/07\/le-bulletin-communal-juillet-2015_800x800.jpg\" alt=\"Le bulletin communal de juillet 2015\" width=\"200\" height=\"200\"><\/a><br \/>\nLe Bulletin Communal<br \/>\nde juillet 2015<\/td>\n<td style=\"text-align: center;\"><a title=\"Ouest France du 20 mai 2015\" href=\"http:\/\/www.leperrierveloclub.com\/wp-content\/uploads\/2015\/05\/ouest-france-20-mai-2015_800x800.jpg\"><img loading=\"lazy\" decoding=\"async\" class=\"alignnone\" title=\"Ouest France du 20 mai 2015\" src=\"http:\/\/www.leperrierveloclub.com\/wp-content\/uploads\/2015\/05\/ouest-france-20-mai-2015_800x800.jpg\" alt=\"Ouest France du 20 mai 2015\" width=\"200\" height=\"200\"><\/a><br \/>\nOuest France<br \/>\n20 mai 2015<\/td>\n<\/tr>\n<\/tbody>\n<\/table>\n<h2>Articles de la presse en 2014<\/h2>\n<table id=\"la-presse-2014\" border=\"0\" summary=\"Liste des articles de presse \u00e9voquant le Club du Perrier en 2014\" width=\"100%\" cellspacing=\"0\" cellpadding=\"0\" align=\"center\">\n<tbody>\n<tr>\n<td style=\"text-align: center;\"><a title=\"Le bullletin communal de d\u00e9cembre 2014\" href=\"http:\/\/www.leperrierveloclub.com\/wp-content\/uploads\/2015\/01\/bulletin-communal-16-12-2014_800x800.jpg\"><img loading=\"lazy\" decoding=\"async\" class=\"alignnone\" title=\"Le bulletin communal de d\u00e9cembre 2014\" src=\"http:\/\/www.leperrierveloclub.com\/wp-content\/uploads\/2015\/01\/bulletin-communal-16-12-2014_800x800.jpg\" alt=\"Le bulletin communal de d\u00e9cembre 2014\" width=\"200\" height=\"200\"><\/a><br \/>\nLe Bulletin Communal<br \/>\nde d\u00e9cembre 2014<\/td>\n<td style=\"text-align: center;\"><a title=\"Le Courrier Vend\u00e9en du 04 d\u00e9cembre 2014\" href=\"http:\/\/www.leperrierveloclub.com\/wp-content\/uploads\/2014\/12\/le-courrier-vendeen-du-04-12-2014_800x800.jpg\"><img loading=\"lazy\" decoding=\"async\" class=\"alignnone\" title=\"Le Courrier Vend\u00e9en du 04 d\u00e9cembre 2014\" src=\"http:\/\/www.leperrierveloclub.com\/wp-content\/uploads\/2014\/12\/le-courrier-vendeen-du-04-12-2014_800x800.jpg\" alt=\"Le Courrier Vend\u00e9en du 04 d\u00e9cembre 2014\" width=\"200\" height=\"200\"><\/a><br \/>\nLe Courrier Vend\u00e9en<br \/>\n04 d\u00e9cembre 2014<\/td>\n<\/tr>\n<tr>\n<td style=\"text-align: center;\"><a title=\"Le Courrier Vend\u00e9en du 20 novembre 2014\" href=\"http:\/\/www.leperrierveloclub.com\/wp-content\/uploads\/2014\/11\/le-courrier-vendeen-du-20-11-2014_800x800.jpg\"><img loading=\"lazy\" decoding=\"async\" class=\"alignnone\" title=\"Le Courrier Vend\u00e9en du 20 novembre 2014\" src=\"http:\/\/www.leperrierveloclub.com\/wp-content\/uploads\/2014\/11\/le-courrier-vendeen-du-20-11-2014_800x800.jpg\" alt=\"Le Courrier Vend\u00e9en du 20 novembre 2014\" width=\"200\" height=\"200\"><\/a><br \/>\nLe Courrier Vend\u00e9en<br \/>\n20 novembre 2014<\/td>\n<td style=\"text-align: center;\"><a title=\"Bulletin Communal de juillet 2014\" href=\"http:\/\/www.leperrierveloclub.com\/wp-content\/uploads\/2014\/10\/bulletin-communal-juillet-2014_800x800.jpg\"><img loading=\"lazy\" decoding=\"async\" class=\"alignnone\" title=\"Bulletin Communal de juillet 2014\" src=\"http:\/\/www.leperrierveloclub.com\/wp-content\/uploads\/2014\/10\/bulletin-communal-juillet-2014_800x800.jpg\" alt=\"Bulletin Communal de juillet 2014\" width=\"200\" height=\"200\"><\/a><br \/>\nBulletin communal du Perrier<br \/>\nJuillet 2014<\/td>\n<\/tr>\n<tr>\n<td style=\"text-align: center;\"><a title=\"Le courrier Vend\u00e9en du 10 juillet 2014\" href=\"http:\/\/www.leperrierveloclub.com\/wp-content\/uploads\/2014\/07\/le-courrier-vendeen-10-juillet-2014_800x800.jpg\"><img loading=\"lazy\" decoding=\"async\" class=\"alignnone\" title=\"Le courrier Vend\u00e9en du 10 juillet 2014\" src=\"http:\/\/www.leperrierveloclub.com\/wp-content\/uploads\/2014\/07\/le-courrier-vendeen-10-juillet-2014_800x800.jpg\" alt=\"Le courrier Vend\u00e9en du 10 juillet 2014\" width=\"200\" height=\"200\"><\/a><br \/>\nLe Courrier Vend\u00e9en<br \/>\n10 juillet 2014<\/td>\n<td style=\"text-align: center;\"><a title=\"Ouest France du 29 mai 2014\" href=\"http:\/\/www.leperrierveloclub.com\/wp-content\/uploads\/2014\/06\/ouest-france-29-mai-2014_800x800.jpg\"><img loading=\"lazy\" decoding=\"async\" class=\"alignnone\" title=\"Ouest France du 29 mai 2014\" src=\"http:\/\/www.leperrierveloclub.com\/wp-content\/uploads\/2014\/06\/ouest-france-29-mai-2014_800x800.jpg\" alt=\"Ouest France du 29 mai 2014\" width=\"200\" height=\"200\"><\/a><br \/>\nOuest France<br \/>\n26 mai 2014<\/td>\n<\/tr>\n<tr>\n<td style=\"text-align: center;\"><a title=\"Le courrier Vend\u00e9en du 24 mai 2014\" href=\"http:\/\/www.leperrierveloclub.com\/wp-content\/uploads\/2014\/05\/le-courrier-vendeen-24-mai-2014_486x800.jpg\"><img loading=\"lazy\" decoding=\"async\" class=\"alignnone\" title=\"Le courrier Vend\u00e9en du 24 mai 2014\" src=\"http:\/\/www.leperrierveloclub.com\/wp-content\/uploads\/2014\/05\/le-courrier-vendeen-24-mai-2014_486x800.jpg\" alt=\"Le courrier Vend\u00e9en du 24 mai 2014\" width=\"121\" height=\"200\"><\/a><br \/>\nLe Courrier Vend\u00e9en<br \/>\n24 mai 2014<\/td>\n<td><a title=\"Ouest France du 12 mai 2014\" href=\"http:\/\/www.leperrierveloclub.com\/wp-content\/uploads\/2014\/05\/ouest-fance-du-12-mai-2014_800x800.jpg\"><img loading=\"lazy\" decoding=\"async\" class=\"alignnone\" title=\"Ouest France du 12 mai 2014\" src=\"http:\/\/www.leperrierveloclub.com\/wp-content\/uploads\/2014\/05\/ouest-fance-du-12-mai-2014_800x800.jpg\" alt=\"Ouest France du 12 f\u00e9vrier 2014\" width=\"200\" height=\"200\"><\/a><br \/>\nOuest France<br \/>\n12 mai 2014<\/td>\n<\/tr>\n<tr>\n<td><a title=\"Le Perrier V\u00e9lo Club dans le Courrier Vend\u00e9en du 20 d\u00e9cembre 2012\" href=\"http:\/\/www.leperrierveloclub.com\/wp-content\/uploads\/2014\/02\/courrier-vendeen-du-20-02-2014_800x800.jpg\"><img loading=\"lazy\" decoding=\"async\" class=\"alignnone\" title=\"Le Perrier V\u00e9lo Club dans le Courrier Vend\u00e9en du 20 f\u00e9vrier 2014\" src=\"http:\/\/www.leperrierveloclub.com\/wp-content\/uploads\/2014\/02\/courrier-vendeen-du-20-02-2014_800x800.jpg\" alt=\"Le Perrier V\u00e9lo Club dans le Courrier Vend\u00e9en du 20 f\u00e9vrier 2014\" width=\"200\" height=\"200\"><\/a><br \/>\nLe Courrier Vend\u00e9en<br \/>\n20 f\u00e9vrier 2014<\/td>\n<td><a title=\"Ouest France du 12 f\u00e9vrier 2014\" href=\"http:\/\/www.leperrierveloclub.com\/wp-content\/uploads\/2014\/02\/ouest-france-12-02-2014_800x800.jpg\"><img loading=\"lazy\" decoding=\"async\" class=\"alignnone\" title=\"Ouest France du 12 f\u00e9vrier 2014\" src=\"http:\/\/www.leperrierveloclub.com\/wp-content\/uploads\/2014\/02\/ouest-france-12-02-2014_800x800.jpg\" alt=\"Ouest France du 12 f\u00e9vrier 2014\" width=\"200\" height=\"200\"><\/a><br \/>\nOuest France<br \/>\n12 f\u00e9vrier 2014<\/td>\n<\/tr>\n<\/tbody>\n<\/table>\n<h2>Articles de la presse en 2013<\/h2>\n<table id=\"la-presse-2013\" border=\"0\" summary=\"Liste des articles de presse \u00e9voquant le Club du Perrier en 2013\" width=\"100%\" cellspacing=\"0\" cellpadding=\"0\" align=\"center\">\n<tbody>\n<tr>\n<td><a title=\"Bulletin Communal de d\u00e9cembre 2013\" href=\"http:\/\/www.leperrierveloclub.com\/wp-content\/uploads\/2014\/01\/bulletin-communal-decembre-2013.jpg\"><img decoding=\"async\" class=\"aligncenter\" title=\"Bulletin Communal d\u00e9cembre 2013\" src=\"http:\/\/www.leperrierveloclub.com\/wp-content\/uploads\/2014\/01\/bulletin-communal-decembre-2013-300x189.jpg\" alt=\"Bulletin Communal d\u00e9cembre 2013\" width=\"200\"><\/a>Bulletin communal du Perrier<br \/>\nD\u00e9cembre 2013<\/td>\n<td>&nbsp;<\/td>\n<\/tr>\n<tr>\n<td><a title=\"Le Perrier V\u00e9lo Club dans le Courrier Vend\u00e9en du 20 d\u00e9cembre 2012\" href=\"http:\/\/www.leperrierveloclub.com\/wp-content\/uploads\/2012\/12\/Le-courrier-Vendeen-du-20-decembre-2012.jpg\"><img loading=\"lazy\" decoding=\"async\" class=\"alignnone\" title=\"Le Perrier V\u00e9lo Club dans le Courrier Vend\u00e9en du 20 d\u00e9cembre 2012\" src=\"http:\/\/www.leperrierveloclub.com\/wp-content\/uploads\/2012\/12\/Le-courrier-Vendeen-du-20-decembre-2012.jpg\" alt=\"Le Perrier V\u00e9lo Club dans le Courrier Vend\u00e9en du 20 d\u00e9cembre 2012\" width=\"200\" height=\"200\"><\/a><br \/>\nLe Club \u00e0 l&rsquo;honneur dans le Courrier Vend\u00e9en<br \/>\n20 d\u00e9cembre 2012<\/td>\n<td><a title=\"Cyclo cross Le Courrier Vend\u00e9en du 04 octobre 2012\" href=\"http:\/\/www.leperrierveloclub.com\/wp-content\/uploads\/2012\/10\/Cyclo-cross-Le-Courrier-Vendeen-du-04-10-2012_800x800.jpg\"><img loading=\"lazy\" decoding=\"async\" class=\"alignnone\" title=\"Cyclo cross Le Courrier Vend\u00e9en du 04 octobre 2012\" src=\"http:\/\/www.leperrierveloclub.com\/wp-content\/uploads\/2012\/10\/Cyclo-cross-Le-Courrier-Vendeen-du-04-10-2012_800x800.jpg\" alt=\"Cyclo cross Le Courrier Vend\u00e9en du 04 octobre 2012\" width=\"200\" height=\"200\"><\/a><br \/>\nCyclo cross Le Courrier Vend\u00e9en<br \/>\n04 octobre 2012<\/td>\n<\/tr>\n<tr>\n<td><a title=\"Le Courrier Vend\u00e9en du 04 octobre 2012\" href=\"http:\/\/www.leperrierveloclub.com\/wp-content\/uploads\/2012\/10\/Le-Courrier-Vendeen-du-04-10-2012_800x800.jpg\"><img loading=\"lazy\" decoding=\"async\" class=\"alignnone\" title=\"Le Courrier Vend\u00e9en du 04 octobre 2012\" src=\"http:\/\/www.leperrierveloclub.com\/wp-content\/uploads\/2012\/10\/Le-Courrier-Vendeen-du-04-10-2012_800x800.jpg\" alt=\"Le Courrier Vend\u00e9en du 04 octobre 2012\" width=\"200\" height=\"200\"><\/a><br \/>\nLe Courrier Vend\u00e9en<br \/>\n04 octobre 2012<\/td>\n<td><a title=\"Ouest France du 25 juin 2012\" href=\"http:\/\/www.leperrierveloclub.com\/wp-content\/uploads\/2012\/10\/Ouest-France-du-25-06-2012_800x800.jpg\"><img loading=\"lazy\" decoding=\"async\" class=\"alignnone\" title=\"Ouest France du 25 juin 2012\" src=\"http:\/\/www.leperrierveloclub.com\/wp-content\/uploads\/2012\/10\/Ouest-France-du-25-06-2012_800x800.jpg\" alt=\"Ouest France du 25 juin 2012\" width=\"200\" height=\"200\"><\/a><br \/>\nOuest France<br \/>\n25 juin 2012<\/td>\n<\/tr>\n<tr>\n<td><a title=\"Ouest France du 25 juin 2012 (bis)\" href=\"http:\/\/www.leperrierveloclub.com\/wp-content\/uploads\/2012\/10\/Ouest-France-du-25-06-2012_02_800x800.jpg\"><img loading=\"lazy\" decoding=\"async\" class=\"alignnone\" title=\"Ouest France du 25 juin 2012 (bis)\" src=\"http:\/\/www.leperrierveloclub.com\/wp-content\/uploads\/2012\/10\/Ouest-France-du-25-06-2012_02_800x800.jpg\" alt=\"Ouest France du 25 juin 2012 (bis)\" width=\"200\" height=\"200\"><\/a><br \/>\nOuest France<br \/>\n25 juin 2012<\/td>\n<td><a title=\"Le Courrier Vend\u00e9en du 21 juin 2012\" href=\"http:\/\/www.leperrierveloclub.com\/wp-content\/uploads\/2012\/10\/Le-Courrier-Vendeen-du-21-06-2012_800x800.jpg\"><img loading=\"lazy\" decoding=\"async\" class=\"alignnone\" title=\"Le Courrier Vend\u00e9en du 21 juin 2012\" src=\"http:\/\/www.leperrierveloclub.com\/wp-content\/uploads\/2012\/10\/Le-Courrier-Vendeen-du-21-06-2012_800x800.jpg\" alt=\"Le Courrier Vend\u00e9en du 21 juin 2012\" width=\"200\" height=\"200\"><\/a><br \/>\nLe Courrier Vend\u00e9en<br \/>\n21 juin 2012<\/td>\n<\/tr>\n<tr>\n<td><a title=\"Ouest France du 21 juin 2012\" href=\"http:\/\/www.leperrierveloclub.com\/wp-content\/uploads\/2012\/10\/Ouest-France-du-21-06-2012_800x800.jpg\"><img loading=\"lazy\" decoding=\"async\" class=\"alignnone\" title=\"Ouest France du 21 juin 2012\" src=\"http:\/\/www.leperrierveloclub.com\/wp-content\/uploads\/2012\/10\/Ouest-France-du-21-06-2012_800x800.jpg\" alt=\"Ouest France du 21 juin 2012\" width=\"200\" height=\"200\"><\/a><br \/>\nOuest France<br \/>\n21 juin 2012<\/td>\n<td><a title=\"Ouest France du 16 mai 2012\" href=\"http:\/\/www.leperrierveloclub.com\/wp-content\/uploads\/2012\/10\/Ouest-France-du-16-05-2012_800x800.jpg\"><img loading=\"lazy\" decoding=\"async\" class=\"alignnone\" title=\"Ouest France du 16 mai 2012\" src=\"http:\/\/www.leperrierveloclub.com\/wp-content\/uploads\/2012\/10\/Ouest-France-du-16-05-2012_800x800.jpg\" alt=\"Ouest France du 16 mai 2012\" width=\"200\" height=\"200\"><\/a><br \/>\nOuest France<br \/>\n16 mai 2012<\/td>\n<\/tr>\n<tr>\n<td><a title=\"Le Courrier Vend\u00e9en du 08 d\u00e9cembre 2011\" href=\"http:\/\/www.leperrierveloclub.com\/wp-content\/uploads\/2012\/10\/Le-Courrier-Vendeen-du-08-12-2011_800x800.jpg\"><img loading=\"lazy\" decoding=\"async\" class=\"alignnone\" title=\"Le Courrier Vend\u00e9en du 08 d\u00e9cembre 2011\" src=\"http:\/\/www.leperrierveloclub.com\/wp-content\/uploads\/2012\/10\/Le-Courrier-Vendeen-du-08-12-2011_800x800.jpg\" alt=\"Le Courrier Vend\u00e9en du 08 d\u00e9cembre 2011\" width=\"200\" height=\"200\"><\/a><br \/>\nLe Courrier Vend\u00e9en<br \/>\n08 d\u00e9cembre 2011<\/td>\n<td><a title=\"Ouest France du 29 novembre 2011\" href=\"http:\/\/www.leperrierveloclub.com\/wp-content\/uploads\/2012\/10\/Ouest-France-du-29-11-2011_800x800.jpg\"><img loading=\"lazy\" decoding=\"async\" class=\"alignnone\" title=\"Ouest France du 29 novembre 2011\" src=\"http:\/\/www.leperrierveloclub.com\/wp-content\/uploads\/2012\/10\/Ouest-France-du-29-11-2011_800x800.jpg\" alt=\"Ouest France du 29 novembre 2011\" width=\"200\" height=\"200\"><\/a><br \/>\nOuest France<br \/>\n29 novembre 2011<\/td>\n<\/tr>\n<\/tbody>\n<\/table>\n","protected":false},"excerpt":{"rendered":"<p>Retrouvez, ann\u00e9e par ann\u00e9e, tous les articles de la presse \u00e9voquant le Club du Perrier. Articles de la presse en 2026 \u00a0\u00bb order_by=\u00a0\u00bbsortorder\u00a0\u00bb order_direction=\u00a0\u00bbASC\u00a0\u00bb returns=\u00a0\u00bbincluded\u00a0\u00bb maximum_entity_count=\u00a0\u00bb500&Prime;] Articles de la presse &#8230;<\/p>\n","protected":false},"author":2,"featured_media":0,"parent":276,"menu_order":2,"comment_status":"closed","ping_status":"closed","template":"","meta":{"ngg_post_thumbnail":0,"footnotes":""},"class_list":["post-1150","page","type-page","status-publish","hentry"],"_links":{"self":[{"href":"http:\/\/www.leperrierveloclub.com\/index.php\/wp-json\/wp\/v2\/pages\/1150","targetHints":{"allow":["GET"]}}],"collection":[{"href":"http:\/\/www.leperrierveloclub.com\/index.php\/wp-json\/wp\/v2\/pages"}],"about":[{"href":"http:\/\/www.leperrierveloclub.com\/index.php\/wp-json\/wp\/v2\/types\/page"}],"author":[{"embeddable":true,"href":"http:\/\/www.leperrierveloclub.com\/index.php\/wp-json\/wp\/v2\/users\/2"}],"replies":[{"embeddable":true,"href":"http:\/\/www.leperrierveloclub.com\/index.php\/wp-json\/wp\/v2\/comments?post=1150"}],"version-history":[{"count":73,"href":"http:\/\/www.leperrierveloclub.com\/index.php\/wp-json\/wp\/v2\/pages\/1150\/revisions"}],"predecessor-version":[{"id":5752,"href":"http:\/\/www.leperrierveloclub.com\/index.php\/wp-json\/wp\/v2\/pages\/1150\/revisions\/5752"}],"up":[{"embeddable":true,"href":"http:\/\/www.leperrierveloclub.com\/index.php\/wp-json\/wp\/v2\/pages\/276"}],"wp:attachment":[{"href":"http:\/\/www.leperrierveloclub.com\/index.php\/wp-json\/wp\/v2\/media?parent=1150"}],"curies":[{"name":"wp","href":"https:\/\/api.w.org\/{rel}","templated":true}]}}